{"id":66,"date":"2014-06-11T13:24:57","date_gmt":"2014-06-11T13:24:57","guid":{"rendered":"http:\/\/pexetothemes.com\/demos\/story_demos\/health-and-lifestyle\/?page_id=5"},"modified":"2026-03-17T10:56:31","modified_gmt":"2026-03-17T10:56:31","slug":"home","status":"publish","type":"page","link":"https:\/\/kbt-barbaric.com\/kbt\/","title":{"rendered":"Home"},"content":{"rendered":"<p><!--\n\n\n<h2 style=\"text-align: center;\"><strong><a style=\"color: #f58d25;\" href=\"https:\/\/docs.google.com\/forms\/d\/e\/1FAIpQLSccF3IpzQE7uASsFDvuH7V2OeiUtM49jZepl7E8UQpDNzJdbQ\/viewform\">PREDBILJE\u017dITE SE <\/a>za NOVI CIKLUS te\u010daja mindfulnessa koji kre\u0107e na prolje\u0107e 2026. godine.<\/strong><\/h2>\n\n\n\n\n\n<h2 style=\"text-align: center;\"><strong><a style=\"color: #a400c4;\" href=\"https:\/\/docs.google.com\/forms\/d\/e\/1FAIpQLSe9jYhzBU-AS7E5rTDlbpfFVe2Bq2BxitcSn1YbdjyMxiFzoA\/viewform\">PRIJAVITE SE <\/a>na Dan povla\u010denja koji \u0107e se odr\u017eati 17.1.2026. (U\u017dIVO) i 24.1.2026. (ONLINE).<\/strong><\/h2>\n\n\n--><\/p>\n<h2 style=\"text-align: center;\"><strong>NOVI CIKLUS te\u010daja mindfulnessa kre\u0107e 21. te 22.4.2026., <a style=\"color: #f58d25;\" href=\"https:\/\/docs.google.com\/forms\/d\/e\/1FAIpQLSdrdm-oVBuXX__ja8x9BTC__f83hr84IeghlxLr309KIcB26Q\/viewform\">PRIJAVNICA U\u017dIVO<\/a>, <a style=\"color: #f58d25;\" href=\"https:\/\/docs.google.com\/forms\/d\/e\/1FAIpQLSeIwRqTuifJLyffts_SsuWd_P1DUZEytZtK5E9VJRQCXHRrcg\/viewform\">PRIJAVNICA ONLINE<\/a><\/strong><\/h2>\n<p>&nbsp;<\/p>\n<p>&nbsp;<\/p>\n<h2 style=\"text-align: center;\">NOVO<\/h2>\n<p>Na\u0161 Mindfulness centar KBT opcija, kao i na\u0161 profesionalni trening program za certificirane edukatore mindfulnessa, je me\u0111unarodno akreditiran od strane <em>International Mindfulness Teacher Association<\/em> (IMTA) sa sjedi\u0161tem u SAD-u. Na\u0161i certifikati vrijede u cijelom svijetu! Vi\u0161e o me\u0111unarodno akreditiranom profesionalnom treningu za certificirane edukatore mindfulnessa pro\u010ditajte na: <a href=\"https:\/\/mindfulness.hr\/tecaj-mindfulnessa\/postanite-certificirani-instruktor-mindfulnessa-edukacija-za-strucnjake\/\"><span style=\"color: #049f82; font-size: 20px;\"><strong>Me\u0111unarodno akreditirani profesionalni trening za certificirane edukatore mindfulnessa<\/strong><\/span><\/a><\/p>\n<p>&nbsp;<\/p>\n<h2 style=\"text-align: center;\"><img loading=\"lazy\" class=\"attachment-266x266 size-266x266\" src=\"https:\/\/kbt-barbaric.com\/kbt\/wp-content\/uploads\/2024\/08\/4c3a1630-bb5e-4f93-9b68-14503b219706-4-300x300-1-300x300.png\" sizes=\"(max-width: 266px) 100vw, 266px\" srcset=\"https:\/\/kbt-barbaric.com\/kbt\/wp-content\/uploads\/2024\/08\/4c3a1630-bb5e-4f93-9b68-14503b219706-4-300x300-1.png 300w, https:\/\/kbt-barbaric.com\/kbt\/wp-content\/uploads\/2024\/08\/4c3a1630-bb5e-4f93-9b68-14503b219706-4-300x300-1-150x150.png 150w\" alt=\"\" width=\"266\" height=\"266\" \/><\/h2>\n<div class=\"wp-block-kadence-advancedbtn kb-buttons-wrap kb-btns30_702843-65\"><\/div>\n<h2 style=\"text-align: center;\">NOVO<\/h2>\n<p style=\"font-weight: 400; text-align: center;\"><strong>Specifi\u010dna kognitivno-bihevioralna terapija\u00a0<\/strong>za osobe koje boluju od<strong>\u00a0kroni\u010dnih bolesti ko\u017ee!<\/strong><\/p>\n<p style=\"font-weight: 400; text-align: center;\">Na\u0161a nova vanjska suradnica prim. dr. sc. Nives Pusti\u0161ek, specijalist dermatolog i venerolog, te kognitivno bihevioralni terapeut u superviziji, uz\u00a0dermatolo\u0161ku terapiju u lije\u010denju kroni\u010dnih bolesti ko\u017ee primjenjuje kognitivno-bihevioralni terapijski pristup.\u00a0 \u00a0U terapiju se mogu uklju\u010diti pacijenti dje\u010dje, adolescentne i odrasle dobi, koji boluju od\u00a0<strong>kroni\u010dnih bolesti ko\u017ee poput atopijskog dermatitisa, psorijaze, akni, alopecija, kroni\u010dnih urtikarija i drugih bolesti koje se pogor\u0161avaju pod utjecajem stresa<\/strong>,\u00a0<strong>a sama bolest ima zna\u010dajan utjecaj na kvalitetu \u017eivota oboljele osobe<\/strong>. Kao dodatak terapiji kroni\u010dnih ko\u017enih bolesti pacijenti se mogu uklju\u010diti i u\u00a0<strong>mindfulness radionice<\/strong>\u00a0za pobolj\u0161anje psiholo\u0161ke i tjelesne dobrobiti, razvijanje suosje\u0107anja prema sebi i lak\u0161e no\u0161enje s tjelesnim simptomima ko\u017enih bolesti poput primjerice, svrbe\u017ea.<\/p>\n<p>&nbsp;<\/p>\n<p style=\"text-align: center;\"><!--more--><\/p>\n<div class=\"cta-element\"><h2 class=\"cta-title\"><\/h2><\/div>\n<p><img src=\"https:\/\/kbt-barbaric.com\/kbt\/wp-content\/themes\/thestory\/functions\/formatting-buttons\/btnicons\/bg.png\" data-pexcontent=\"&quot;&lt;p\" \/><\/p>\n<div class=\"cta-element\"><h2 class=\"cta-title\"><\/h2><\/div>\n","protected":false},"excerpt":{"rendered":"<p>NOVI CIKLUS te\u010daja mindfulnessa kre\u0107e 21. te 22.4.2026., PRIJAVNICA U\u017dIVO, PRIJAVNICA ONLINE &nbsp; &nbsp; NOVO Na\u0161 Mindfulness centar KBT opcija, [&hellip;]<\/p>\n","protected":false},"author":1,"featured_media":1291,"parent":0,"menu_order":0,"comment_status":"open","ping_status":"open","template":"template-full-custom.php","meta":[],"_links":{"self":[{"href":"https:\/\/kbt-barbaric.com\/kbt\/wp-json\/wp\/v2\/pages\/66"}],"collection":[{"href":"https:\/\/kbt-barbaric.com\/kbt\/wp-json\/wp\/v2\/pages"}],"about":[{"href":"https:\/\/kbt-barbaric.com\/kbt\/wp-json\/wp\/v2\/types\/page"}],"author":[{"embeddable":true,"href":"https:\/\/kbt-barbaric.com\/kbt\/wp-json\/wp\/v2\/users\/1"}],"replies":[{"embeddable":true,"href":"https:\/\/kbt-barbaric.com\/kbt\/wp-json\/wp\/v2\/comments?post=66"}],"version-history":[{"count":222,"href":"https:\/\/kbt-barbaric.com\/kbt\/wp-json\/wp\/v2\/pages\/66\/revisions"}],"predecessor-version":[{"id":1453,"href":"https:\/\/kbt-barbaric.com\/kbt\/wp-json\/wp\/v2\/pages\/66\/revisions\/1453"}],"wp:featuredmedia":[{"embeddable":true,"href":"https:\/\/kbt-barbaric.com\/kbt\/wp-json\/wp\/v2\/media\/1291"}],"wp:attachment":[{"href":"https:\/\/kbt-barbaric.com\/kbt\/wp-json\/wp\/v2\/media?parent=66"}],"curies":[{"name":"wp","href":"https:\/\/api.w.org\/{rel}","templated":true}]}}